{"id":229,"date":"2023-07-16T13:12:39","date_gmt":"2023-07-16T11:12:39","guid":{"rendered":"https:\/\/parolryby.pl\/?page_id=229"},"modified":"2023-07-16T15:29:39","modified_gmt":"2023-07-16T13:29:39","slug":"filmy","status":"publish","type":"page","link":"https:\/\/parolryby.pl\/index.php\/filmy\/","title":{"rendered":"Filmy"},"content":{"rendered":"\n<h2 class=\"wp-block-heading\"><em><strong>Tasty Stories &#8211; Dr Irena Eris<\/strong><\/em><\/h2>\n\n\n\n<p><a>Rozmowa nagrana na pierwsz\u0105 edycj\u0119 projektu Tasty Stories.<\/a>&nbsp;<\/p>\n\n\n\n<figure class=\"wp-block-video\"><video controls src=\"blob:https:\/\/parolryby.pl\/6bd0ca9d-344f-4844-8b01-cab89e58609e\"><\/video><\/figure>\n\n\n\n<div style=\"height:48px\" aria-hidden=\"true\" class=\"wp-block-spacer\"><\/div>\n\n\n\n<h2 class=\"wp-block-heading\"><em><strong>Dobre bo Nasze<\/strong><\/em><\/h2>\n\n\n\n<p>Film nagrany przy wsp\u00f3\u0142pracy z Lokaln\u0105 Grup\u0105 Dzia\u0142ania &#8222;Po\u0142udniowa Warmia&#8221;.<\/p>\n\n\n\n<figure class=\"wp-block-video\"><video height=\"720\" style=\"aspect-ratio: 1280 \/ 720;\" width=\"1280\" controls src=\"https:\/\/parolryby.pl\/wp-content\/uploads\/2023\/07\/parol_720.mp4\"><\/video><\/figure>\n\n\n\n<div style=\"height:48px\" aria-hidden=\"true\" class=\"wp-block-spacer\"><\/div>\n\n\n\n<h2 class=\"wp-block-heading\"><em><strong>Szlakiem Dobre bo Nasze<\/strong><\/em><\/h2>\n\n\n\n<p>Kolejny film realizowany przy wsp\u00f3\u0142pracy z Lokaln\u0105 Grup\u0105 Dzia\u0142ania &#8222;Po\u0142udniowa Warmia&#8221;. &nbsp;<\/p>\n\n\n\n<figure class=\"wp-block-video\"><video height=\"1080\" style=\"aspect-ratio: 1920 \/ 1080;\" width=\"1920\" controls src=\"https:\/\/parolryby.pl\/wp-content\/uploads\/2023\/07\/Jarek-Parol-Ryby-z-Kaborna.mp4\"><\/video><\/figure>\n\n\n\n<div style=\"height:48px\" aria-hidden=\"true\" class=\"wp-block-spacer\"><\/div>\n\n\n\n<h2 class=\"wp-block-heading\"><em><strong>W\u0119dr\u00f3wki z w\u0119dk\u0105 po Kabornie<\/strong><\/em><\/h2>\n\n\n\n<p>Cykl film\u00f3w od w\u0119dkarzy dla w\u0119dkarzy, tym razem w Kabornie!&nbsp;<\/p>\n\n\n\n<figure class=\"wp-block-embed is-type-video is-provider-youtube wp-block-embed-youtube wp-embed-aspect-16-9 wp-has-aspect-ratio\"><div class=\"wp-block-embed__wrapper\">\n<iframe loading=\"lazy\" title=\"W\u0119dr\u00f3wki z W\u0119dk\u0105 - Pstrocie\" width=\"500\" height=\"281\" src=\"https:\/\/www.youtube.com\/embed\/Wvr6_JSd4GE?feature=oembed\" frameborder=\"0\" allow=\"accelerometer; autoplay; clipboard-write; encrypted-media; gyroscope; picture-in-picture; web-share\" referrerpolicy=\"strict-origin-when-cross-origin\" allowfullscreen><\/iframe>\n<\/div><\/figure>\n\n\n\n<div style=\"height:48px\" aria-hidden=\"true\" class=\"wp-block-spacer\"><\/div>\n","protected":false},"excerpt":{"rendered":"<p>Tasty Stories &#8211; Dr Irena Eris Rozmowa nagrana na pierwsz\u0105 edycj\u0119 projektu Tasty Stories.&nbsp; Dobre bo Nasze Film nagrany przy wsp\u00f3\u0142pracy z Lokaln\u0105 Grup\u0105 Dzia\u0142ania &#8222;Po\u0142udniowa Warmia&#8221;. Szlakiem Dobre bo Nasze Kolejny film realizowany przy wsp\u00f3\u0142pracy z Lokaln\u0105 Grup\u0105 Dzia\u0142ania &#8222;Po\u0142udniowa Warmia&#8221;. &nbsp; W\u0119dr\u00f3wki z w\u0119dk\u0105 po Kabornie Cykl film\u00f3w od w\u0119dkarzy dla w\u0119dkarzy, tym [&hellip;]<\/p>\n","protected":false},"author":1,"featured_media":0,"parent":0,"menu_order":0,"comment_status":"closed","ping_status":"closed","template":"","meta":{"footnotes":""},"class_list":["post-229","page","type-page","status-publish","hentry"],"_links":{"self":[{"href":"https:\/\/parolryby.pl\/index.php\/wp-json\/wp\/v2\/pages\/229","targetHints":{"allow":["GET"]}}],"collection":[{"href":"https:\/\/parolryby.pl\/index.php\/wp-json\/wp\/v2\/pages"}],"about":[{"href":"https:\/\/parolryby.pl\/index.php\/wp-json\/wp\/v2\/types\/page"}],"author":[{"embeddable":true,"href":"https:\/\/parolryby.pl\/index.php\/wp-json\/wp\/v2\/users\/1"}],"replies":[{"embeddable":true,"href":"https:\/\/parolryby.pl\/index.php\/wp-json\/wp\/v2\/comments?post=229"}],"version-history":[{"count":5,"href":"https:\/\/parolryby.pl\/index.php\/wp-json\/wp\/v2\/pages\/229\/revisions"}],"predecessor-version":[{"id":314,"href":"https:\/\/parolryby.pl\/index.php\/wp-json\/wp\/v2\/pages\/229\/revisions\/314"}],"wp:attachment":[{"href":"https:\/\/parolryby.pl\/index.php\/wp-json\/wp\/v2\/media?parent=229"}],"curies":[{"name":"wp","href":"https:\/\/api.w.org\/{rel}","templated":true}]}}